{"id":2990,"date":"2016-06-01T17:43:28","date_gmt":"2016-06-01T15:43:28","guid":{"rendered":"http:\/\/www.vergissmi.net\/?page_id=2990"},"modified":"2024-09-12T13:53:50","modified_gmt":"2024-09-12T11:53:50","slug":"the-hall-of-fame","status":"publish","type":"page","link":"https:\/\/www.vergissmi.net\/?page_id=2990","title":{"rendered":"The Hall Of Fame"},"content":{"rendered":"\n<p><em><strong>Zu Fu\u00df von \u00d6sterreich \u00fcber den gesamten Alpenbogen an die Franz\u00f6sische Mittelmeerk\u00fcste: Hier finden sich die Leute, die sich dem Projekt &#8220;Alpendurchquerung Ost-West&#8221; (mit Start am Alpenostrand und Endpunkt am Ligurischen Meer) verschrieben haben &#8211; und es auch erfolgreich zu Ende bringen konnten. Es ist davon auszugehen, dass es sicherlich auch anderer Begeher gab, doch entweder waren sie in streng geheimer Mission unterwegs &#8211; oder ich habe es einfach (noch) nicht erfahren.<\/strong><\/em><\/p>\n\n\n\n<p><span style=\"color: #ff0000;\">(letztes Update: Sep 2024)<\/span><\/p>\n\n\n\n<h1 class=\"wp-block-heading\"><span style=\"color: #993300;\">Die Absolventenklasse<\/span><\/h1>\n\n\n\n<p class=\"has-text-align-left\"><span style=\"color: #808080;\">(Kurze Anmerkung zur Namensnennung: Die Namen stammen entweder aus ver\u00f6ffentlichten B\u00fcchern oder dem Impressum der jeweiligen Internetauftritte. Steht dort kein Name, nenne ich ihn auch hier nicht.)<\/span><\/p>\n\n\n\n<h2 class=\"wp-block-heading\"><span style=\"color: #993300;\">1952<\/span><\/h2>\n\n\n\n<p class=\"has-text-align-left\"><strong>Lothar Wanko<\/strong><br>Eichleitenberg\/H\u00f6flein &#8211; Mittelmeer<\/p>\n\n\n\n<p class=\"has-text-align-left\">Kurzfassung: Wanko war von Mai bis Oktober unterwegs, der genaue Zielort ist mir nicht bekannt. Lukan schreibt im &#8220;Alpenspaziergang&#8221; dass es zu seiner Zeit kaum Wege \u00fcber den Alpenbogen gab, was seiner Tour eine ganz besondere Bedeutung zukommen l\u00e4sst.<\/p>\n\n\n\n<h2 class=\"wp-block-heading\"><span style=\"color: #993300;\">1971<\/span><\/h2>\n\n\n\n<p class=\"has-text-align-left\"><strong>Hansj\u00f6rg Farbmacher, Klaus Hoi, Robert Kittl, Hans Mariacher<\/strong><br>Raxalpe &#8211; Nizza<\/p>\n\n\n\n<p class=\"has-text-align-left\">Kurzfassung: Mit Skiern durch die Alpen, 44 Tage (!), 85 000 H\u00f6henmeter, Unterst\u00fctzung durch Begleitfahrzeuge.<\/p>\n\n\n\n<h2 class=\"wp-block-heading\"><span style=\"color: #993300;\">1984<\/span><\/h2>\n\n\n\n<p class=\"has-text-align-left\"><strong>Fritzi &amp; Charlie Lukan<\/strong><br>Wien &#8211; Nizza<\/p>\n\n\n\n<p class=\"has-text-align-left\">Kurzfassung: Die Lukans waren die ersten, die ihre Tour in Buchform dokumentierten, weshalb es hier auf meiner Seite auch eine ausf\u00fchrliche <a href=\"https:\/\/www.vergissmi.net\/?p=2610\" target=\"_blank\" rel=\"noopener noreferrer\">Rezension<\/a> gibt<\/p>\n\n\n\n<h2 class=\"wp-block-heading\"><span style=\"color: #993300;\">1992<\/span><\/h2>\n\n\n\n<p class=\"has-text-align-left\"><strong>J\u00fcrg Frischknecht, Dominik Siegrist, Harry Spiess u. a.<\/strong><br>Wien &#8211; Nizza<\/p>\n\n\n\n<p class=\"has-text-align-left\">Kurzfassung: Sieben Leute machten sich 1992 von Wien aus auf den Weg, um im Zuge ihrer 103-t\u00e4gigen Wanderung auf negative Entwicklungen im Alpenraum aufmerksam zu machen. Das journalistische Projekt wurde anschlie\u00dfend unter dem Titel <em>Alpengl\u00fchn. Auf TransAlPedes- Spuren von Wien nach Nizza<\/em> in Buchform dokumentiert. Das Buch ist vergriffen, steht jedoch hier als <a href=\"https:\/\/1drv.ms\/b\/s!AlBRpZJ6H3DngYEvKS4oHFCEiFMm2w\" target=\"_blank\" rel=\"noopener noreferrer\">PDF Download<\/a> (340 MB) bereit. Mit dem Suchbegriff TransAlPedes findet man auch mehrere Videos auf <a href=\"https:\/\/www.youtube.com\/results?search_type=search_videos&amp;search_query=transalpedes&amp;search_sort=relevance&amp;search_category=0&amp;page=\" target=\"_blank\" rel=\"noopener noreferrer\">Youtube<\/a>. Wohl um unterwegs mit m\u00f6glichst vielen Menschen in Kontakt zu treten, verlief die gew\u00e4hlte Route vergleichsweise talnahe.<\/p>\n\n\n\n<p class=\"has-text-align-left\">25 Jahre sp\u00e4ter, also heuer im Sommer 2017, wird die Tour unter dem Projektnamen <em>TransAlp<\/em> wiederholt &#8211; dazu gibt es auch eine eigene <a href=\"http:\/\/whatsalp.org\/de\/info\/\" target=\"_blank\" rel=\"noopener noreferrer\">Web<\/a>&#8211; sowie <a href=\"https:\/\/www.facebook.com\/whatsalp\/\" target=\"_blank\" rel=\"noopener noreferrer\">Facebook<\/a>-Seite.<\/p>\n\n\n\n<h2 class=\"wp-block-heading\"><span style=\"color: #993300;\">2002<\/span><\/h2>\n\n\n\n<p class=\"has-text-align-left\"><strong>Alwin M\u00fcller<\/strong><br>Wien &#8211; Nizza<\/p>\n\n\n\n<p class=\"has-text-align-left\">Kurzfassung: 76 Tage unterwegs, nur vier Ruhetage. Detaillierte Informationen zur Wegf\u00fchrung auf der erfreulicherweise immer noch verf\u00fcgbaren <a href=\"http:\/\/www.wander-mueller.de\/Alpen.html\" target=\"_blank\" rel=\"noopener noreferrer\">Tourenseite<\/a>.<\/p>\n\n\n\n<p><strong>Johann Diem<\/strong><\/p>\n\n\n\n<p>Insgesamt 5 Mal (!) hat Hans Diem auf verschiedenen Strecken die Alpen gequert. Stellvertretend ist hier die Begehung von Monaco nach Triest (Rote Via Alpina) aus dem Jahr 2002 genannt.<\/p>\n\n\n\n<h2 class=\"wp-block-heading\"><span style=\"color: #993300;\">2004<\/span><\/h2>\n\n\n\n<p class=\"has-text-align-left\"><strong>Thomas Kunz<\/strong><br>Wien &#8211; Menton<\/p>\n\n\n\n<p class=\"has-text-align-left\">Kurzfassung: Auch von Thomas gibt es ein &#8211; mittlerweile in der dritten Auflage <a href=\"http:\/\/www.freytagberndt.com\/shop\/9783737592659-thomas-kunz-in-fuenf-monaten-von-wien-bis-ans-mittelmeer\/\" target=\"_blank\" rel=\"noopener noreferrer\">erh\u00e4ltliches<\/a> &#8211; lesenswertes Buch mit detaillierten Angaben zur Strecke. Auch er unterhielt einen <a href=\"http:\/\/almoehi.twoday.net\/\" target=\"_blank\" rel=\"noopener noreferrer\">Tourenblog<\/a>, auf dem auch heute noch einiges Hilfreiches zu finden ist.<\/p>\n\n\n\n<h2 class=\"wp-block-heading\"><span style=\"color: #993300;\">2007<\/span><\/h2>\n\n\n\n<p class=\"has-text-align-left\"><strong>Rudolf W\u00f6tzel<\/strong><br>Salzburg &#8211; Nizza<\/p>\n\n\n\n<p class=\"has-text-align-left\">Kurzfassung: Ein ehemaliger Banker wechselt in die Schriftstellerei &#8211; alter Hut \ud83d\ude42 &#8230; nein im Ernst: Der Ex-Investmentbanker nimmt auf seinem Weg \u00fcber die Alpen nicht weniger als 34 Viertausender mit &#8211; und dokumentiert das in einem sehr unterhaltsam geschriebenem Erlebnisroman, bei dem man sich vom<a href=\"http:\/\/www.heyn.at\/list?back=a3d37fb91d605443dea4bad2d60272f4&amp;xid=14912859\" target=\"_blank\" rel=\"noopener noreferrer\"> etwas esoterisch angehauchten Titel<\/a> nicht abschrecken lassen sollte.<\/p>\n\n\n\n<h2 class=\"wp-block-heading\"><span style=\"color: #993300;\">2011<\/span><\/h2>\n\n\n\n<p class=\"has-text-align-left\"><strong>Anita &amp; Hans Thurner<\/strong><br>Wien Kahlenbergdorf &#8211; Nizza<\/p>\n\n\n\n<p class=\"has-text-align-left\">Kurzfassung: Nach einer umfangreichen Vortragstour gibt es die &#8220;2000 km zu Fu\u00df&#8221; nun auch als gelungene Mischung von Reisebericht und Bildband (<a href=\"https:\/\/www.vergissmi.net\/?p=2616\">Rezension<\/a>).<\/p>\n\n\n\n<h2 class=\"wp-block-heading\"><span style=\"color: #993300;\">2012<\/span><\/h2>\n\n\n\n<p><strong>Heinz Oberrauch<\/strong><br>Wien &#8211; Nizza<\/p>\n\n\n\n<p>Kurzfassung: 5 Monate, 2.200 Kilometer, 162 Tage. Klingt nach Hauptkamm-Begehung des Annapurna-Besteigers, doch leider hat das Bayrische Fernsehen eine Dokumentation zu dieser Tour just w\u00e4hrend meiner Tourenvorbereitung aus der Mediathek genommen (falls die jemand zuf\u00e4llig hat &#8230;?).<\/p>\n\n\n\n<h2 class=\"wp-block-heading\">*<\/h2>\n\n\n\n<p class=\"has-text-align-left\">Exakt 60 Jahre nach Lothar Wanko stand <strong>Barbara Kraus<\/strong> am Eichleitenberg, um im Rahmen eines Kunstprojektes auf dem Weg nach Nizza mit m\u00f6glichst vielen Menschen in Dialog zu treten. Viele ihrer Etappen wurden \u00fcbrigens von Wanderfreund <a href=\"http:\/\/www.bergfex.at\/members\/gtwo\/\" target=\"_blank\" rel=\"noopener noreferrer\">gtwo<\/a> in die Plattform <a href=\"https:\/\/www.google.at\/search?q=barbara+kraus+site%3Abergfex.at\" target=\"_blank\" rel=\"noopener noreferrer\">bergfex.at<\/a> eingepflegt.<\/p>\n\n\n\n<p class=\"has-text-align-left\">Projektseite: <a href=\"http:\/\/www.barbarakraus.at\/dreamandwalkabout.htm\" target=\"_blank\" rel=\"noopener noreferrer\">http:\/\/www.barbarakraus.at\/dreamandwalkabout.htm<\/a><\/p>\n\n\n\n<h2 class=\"wp-block-heading\"><span style=\"color: #993300;\">2014<\/span><\/h2>\n\n\n\n<p class=\"has-text-align-left\"><strong>J\u00f6rg Dulsky<\/strong><br>Frohnleiten &#8211; Nizza<\/p>\n\n\n\n<p class=\"has-text-align-left\">Kurzfassung: Von der <a href=\"https:\/\/dulsky.wordpress.com\/\" target=\"_blank\" rel=\"noopener noreferrer\">Mur ans Meer<\/a> &#8211; der rund f\u00fcnfmonatigen Tour folgte 2014 eine <a href=\"http:\/\/dulsky.at\/?p=1129\" target=\"_blank\" rel=\"noopener noreferrer\">Vortragstour<\/a> und eine weitere Expedition auf die <a href=\"http:\/\/dulsky.at\/?p=1914\" target=\"_blank\" rel=\"noopener noreferrer\">andere Seite der Erde<\/a>. Wenn ich hier noch ein paar Bilder poste, kann ich mir gut vorstellen, dass er seine Sachen packt und ein zweites Mal losmarschiert &#8230; \ud83d\ude42<\/p>\n\n\n\n<h2 class=\"wp-block-heading\">*<\/h2>\n\n\n\n<p class=\"has-text-align-left\"><strong>Kai Kachel (K2)<\/strong><br>Graz &#8211; Monaco<\/p>\n\n\n\n<p class=\"has-text-align-left\">Kurzfassung: Die unterwegs &#8220;live&#8221; niedergeschriebenen Tagebucheintr\u00e4ge gibt es <a rel=\"noopener noreferrer\" href=\"http:\/\/project-82.blogspot.co.at\/\" target=\"_blank\">hier<\/a> nachzulesen. Auch ist &#8220;K2&#8221; nicht ganz unschuldig an <a href=\"https:\/\/www.geocaching.com\/geocache\/GC11PTE_graz-monaco\" data-type=\"link\" data-id=\"https:\/\/www.geocaching.com\/geocache\/GC11PTE_graz-monaco\">einem der anspruchsvollsten Geocaches Europas<\/a>.<\/p>\n\n\n\n<h2 class=\"wp-block-heading\"><span style=\"color: #800000;\">2015<\/span><\/h2>\n\n\n\n<p>Judith &amp; Nik &#8211; mit abwechslungsreicher Wegf\u00fchrung &#8211; nicht zwingend auf markierten Weitwanderwegen. Tourenbericht auf <a href=\"http:\/\/www.hikr.org\/tour\/post84683.html\">hikr.org<\/a><\/p>\n\n\n\n<h2 class=\"wp-block-heading\"><span style=\"color: #993300;\">2016<\/span><\/h2>\n\n\n\n<p class=\"has-text-align-left\">Von Mai bis Oktober war der Ober\u00f6sterreicher <strong>Peter Tobisch <\/strong>unterwegs, 104 Tag dauerte seine Alpen\u00fcberschreitung von Linz nach Nizza. Der Tourenblog ist leider nicht mehr online (<a rel=\"noopener noreferrer\" href=\"http:\/\/www.linz-nice16pe.at\/\" target=\"_blank\">http:\/\/www.linz-nice16pe.at\/<\/a> )<\/p>\n\n\n\n<h2 class=\"wp-block-heading\">*<\/h2>\n\n\n\n<p class=\"has-text-align-left\">Bald 10 Jahre ist es her, als <strong>Brigitte und Gernot Liebau <\/strong>von Wien aus ihre ersten Ostalpentouren unternahmen und kurzerhand beschlossen, ihren jeweiligen Sommerurlaub daf\u00fcr aufzuwenden, die Tour bis nach Frankreich weiterzuspinnen. Und das auf einer komplett selbst entworfenen Route, die viel Platz f\u00fcr pers\u00f6nliche Vorlieben lie\u00df. Fr\u00e4ulein A und ich haben die beiden 2010 getroffen, als sie sich gerade \u00fcber den Karnischen H\u00f6henweg durchschlugen. Im Herbst 2016 war es dann soweit, und Ventimiglia an der italienischen Riviera war erreicht. Und 2018 ergab sich sogar die M\u00f6glichkeit, in ihrer Heimat oben in Deutschlands Norden gemeinsam auf den erfolgreichen Abschluss der Europatour anzusto\u00dfen!<\/p>\n\n\n\n<p class=\"has-text-align-left\">Der w\u00e4hrend der gesamten Zeit sorgf\u00e4ltig gewartete Tourenblog freut sich weiterhin auf Besucher. Projektseite: <a rel=\"noopener noreferrer\" href=\"http:\/\/www.alpenfreunde.info\/index.php\" target=\"_blank\">http:\/\/www.alpenfreunde.info\/index.php<\/a><\/p>\n\n\n\n<h2 class=\"wp-block-heading\"><span style=\"color: #993300;\">2017<\/span><\/h2>\n\n\n\n<p>Von April (!) bis August war <strong>Ania<\/strong> unterwegs &#8211; ihr t\u00e4glich (!) aktualisierter Reisebereicht ist <a href=\"http:\/\/www.weltraumaeffchen.at\" target=\"_blank\" rel=\"noopener noreferrer\">hier <\/a>zu finden.<\/p>\n\n\n\n<h2 class=\"wp-block-heading\">*<\/h2>\n\n\n\n<p><strong>Johanna<\/strong> hat am Ende ihres Studiums alles richtig gemacht: Bevor sich der Berufsalltag unangenehm auf ihre Tagesfreizeit auszuwirken begann, begab sie sich ein paar Monate lang auf Wanderschaft und erreichte im September ihr Ziel. Live dabei war man <a href=\"https:\/\/wien-nizza.jimdo.com\/reiseblog\/on-tour\/\" target=\"_blank\" rel=\"noopener noreferrer\">hier<\/a>.<\/p>\n\n\n\n<h2 class=\"wp-block-heading\">*<\/h2>\n\n\n\n<p><strong>Alex<\/strong> von <a href=\"http:\/\/www.bergreif.de\/\" target=\"_blank\" rel=\"noopener noreferrer\">Bergreif.de<\/a> war zum zweiten Mal l\u00e4nger in den Alpen unterwegs &#8211; nach der erfolgreichen Nord-S\u00fcd-Durchquerung hat er sich die Alpen 2017 der L\u00e4nge nach vorgekn\u00f6pft.<\/p>\n\n\n\n<h2 class=\"wp-block-heading\">*<\/h2>\n\n\n\n<p>Im Juni 2017 gestartet ist <strong>Martina<\/strong> &#8211; auch sie <a href=\"http:\/\/martinabraschler.blogspot.de\/\" target=\"_blank\" rel=\"noopener noreferrer\">bloggte<\/a> beinahe t\u00e4glich von unterwegs.<\/p>\n\n\n\n<h2 class=\"wp-block-heading\">*<\/h2>\n\n\n\n<p><strong>Whatsalp<\/strong> 2017 &#8211; siehe 1992 oben.<\/p>\n\n\n\n<h2 class=\"wp-block-heading\"><span style=\"color: #993300;\">2018<\/span><\/h2>\n\n\n\n<p>Die bislang k\u00fcrzeste dokumentierte L\u00e4ngsdurchquerung gelang einer Gruppe von Extremsportlern im Jahre 2018. Im M\u00e4rz ging es los, und im April waren die Jungs und M\u00e4dels bereits wieder daheim. Mehr zur 36t\u00e4gigen Rekordbegehung bei <a rel=\"noopener noreferrer\" href=\"https:\/\/www.redbull.com\/at-de\/events\/der-lange-weg\" target=\"_blank\">Red Bull<\/a>.<\/p>\n\n\n\n<h2 class=\"wp-block-heading\"><strong>*<\/strong><\/h2>\n\n\n\n<p>Monty konnte man auf dieser Seite followen: <a class=\"moz-txt-link-freetext\" href=\"https:\/\/www.followmonty.ch\/wien-nizza-1\/\">https:\/\/www.followmonty.ch\/wien-nizza-1\/<\/a><\/p>\n\n\n\n<h2 class=\"wp-block-heading\"><span style=\"color: #993300;\">2019<\/span><\/h2>\n\n\n\n<p>Rudi + Alex (mit 66 Jahren d\u00fcrften das die \u00e4ltesten Wien-Nizza-Wanderer sein): <a class=\"moz-txt-link-freetext\" href=\"https:\/\/alpenspaziergang2019.home.blog\/\">https:\/\/alpenspaziergang2019.home.blog\/<\/a><\/p>\n\n\n\n<p>Dietmar Kastning ist gemeinsam mit seiner Frau in 14 Wochen von Nizza (Ventimiglia &#8211; GTA) nach Wien gewandert. <\/p>\n\n\n\n<h2 class=\"wp-block-heading\"><strong>*<\/strong><\/h2>\n\n\n\n<p>Dietmar aus der Region D\u00fcsseldorf: <a href=\"http:\/\/didivondannen.de\" target=\"_blank\" rel=\"noopener\">didivondannen.de<\/a><\/p>\n\n\n\n<h2 class=\"wp-block-heading\"><span style=\"color: #993300;\">2021<\/span><\/h2>\n\n\n\n<p>Julia (ist nicht ganz angekommen, aber daf\u00fcr zur Abwechslung mal Videos): <a class=\"moz-txt-link-freetext\" href=\"https:\/\/www.youtube.com\/channel\/UCwh6c7f5GwPZQR80i_DhjOw\">https:\/\/www.youtube.com\/channel\/UCwh6c7f5GwPZQR80i_DhjOw<\/a><\/p>\n\n\n\n<h2 class=\"wp-block-heading\"><span style=\"color: #993300;\">2022<\/span><\/h2>\n\n\n\n<p>Dietmar: <a class=\"moz-txt-link-freetext\" href=\"https:\/\/alpenmania.net\/\">https:\/\/alpenmania.net\/<\/a><\/p>\n\n\n\n<h2 class=\"wp-block-heading\"><strong>*<\/strong><\/h2>\n\n\n\n<p>Berghutze: <a class=\"moz-txt-link-freetext\" href=\"https:\/\/www.ultraleicht-trekking.com\/forum\/topic\/20922-wien-nizza-in-78-tagen-durch-die-alpen\/\">https:\/\/www.ultraleicht-trekking.com\/forum\/topic\/20922-wien-nizza-in-78-tagen-durch-die-alpen\/<\/a><\/p>\n\n\n\n<h2 class=\"wp-block-heading\"><strong>*<\/strong><\/h2>\n\n\n\n<p>Peter Sobanski (<a rel=\"noreferrer noopener\" href=\"https:\/\/www.outdooractive.com\/de\/author\/peter-sobanski\/103941750\/\" target=\"_blank\">Profil<\/a> auf Outdooractive): <a rel=\"noreferrer noopener\" href=\"https:\/\/anders-aktivreisen.de\/wnt-blog\/\" target=\"_blank\">https:\/\/anders-aktivreisen.de\/wnt-blog\/<\/a><\/p>\n\n\n\n<h2 class=\"wp-block-heading\"><strong>*<\/strong><\/h2>\n\n\n\n<p>Christian Herweg: <a rel=\"noreferrer noopener\" href=\"https:\/\/le-tour-des-alpes.blogspot.com\" target=\"_blank\">https:\/\/le-tour-des-alpes.blogspot.com<\/a><\/p>\n\n\n\n<h2 class=\"wp-block-heading\">&nbsp;<\/h2>\n\n\n\n<h2 class=\"wp-block-heading\"><span style=\"color: #993300;\">2023<\/span><\/h2>\n\n\n\n<p>Sabrina alleine von Wien nach Nizza &#8211; in 78 (!) Tagen: <a href=\"http:\/\/www.narrischaufberge.wordpress.com\">www.narrischaufberge.wordpress.com<\/a><\/p>\n\n\n\n<h2 class=\"wp-block-heading\"><strong>*<\/strong><\/h2>\n\n\n\n<p>Florian war exakt 90 Tage auf den Beinen, bevor er das linke Ende des Alpenbogens erreichte. Beinahe t\u00e4glich gab es dabei Updates unter <a href=\"https:\/\/aufundab.tumblr.com\">https:\/\/aufundab.tumblr.com<\/a><\/p>\n\n\n\n<p><strong><strong>*<\/strong><\/strong><\/p>\n\n\n\n<p>Nicht schon wieder! \ud83d\ude42<br>Der rastlose Kai hat die Alpen bereits in jede erdenkliche Richtung durch- und \u00fcberquert. Nach 2014 ging es 2023 zum zweiten Mal (!) \u00fcber den gesamten Alpenbogen. Nach der S\u00fcdalpenstrecke vor 9 Jahren verlief seine Routenwahl diesmal etwas weiter n\u00f6rdlich &#8211; nachzulesen unter: <a href=\"https:\/\/wien-nizza.blogspot.com\/2023\/\" target=\"_blank\" rel=\"noreferrer noopener\">https:\/\/wien-nizza.blogspot.com\/2023\/<\/a><\/p>\n\n\n\n<p><\/p>\n\n\n\n<h1 class=\"wp-block-heading\"><span style=\"color: #993300;\">Unterwegs &#8230;<\/span><\/h1>\n\n\n\n<p>&#8230; ist Volker aka<strong> vrh<\/strong>, der die Tour in etwa 3-w\u00f6chige Teilabschnitte zerlegte. Er startete Anfang August 2016 ins Abenteuer Alpendurchquerung, wo er es bis S\u00fcdtirol schaffte. Die Fortsetzung 2017 startete Mitte Juli auf der Landshuter Europah\u00fctte. 2018 ging es in den Piemont &#8211; inzwischen &#8211; wir sind im Sommer <strong>2023<\/strong> &#8211; hat Volker die piemontesische Stadt Susa an der Grenze zu den Cottischen Alpen erreicht. Tourenblog: <a rel=\"noopener noreferrer\" href=\"http:\/\/weitzuwandern.blogspot.co.at\/\" target=\"_blank\">http:\/\/weitzuwandern.blogspot.co.at\/<\/a><\/p>\n\n\n\n<p class=\"has-text-align-left\">&nbsp;<\/p>\n\n\n\n<h2 class=\"wp-block-heading\" id=\"ich-erganze-diese-liste-gerne-doch-bin-auf-hilfe-angewiesen-ich-bin-dankbar-fur-jeden-hinweis-wenn-gerade-wieder-jemand-auf-dem-spaziergang-unterwegs-ist-danke\">Ich erg\u00e4nze diese Liste gerne &#8211; doch bin auf Hilfe angewiesen &#8211; ich bin dankbar f\u00fcr jeden Hinweis, wenn gerade wieder jemand auf dem &#8220;Spaziergang&#8221; unterwegs ist &#8211; danke!<\/h2>\n\n\n\n<p><\/p>\n","protected":false},"excerpt":{"rendered":"<div class=\"tmnf_excerpt\"><div class=\"tmnf_excerpt\"><p>Zu Fu\u00df von \u00d6sterreich \u00fcber den gesamten Alpenbogen an die Franz\u00f6sische Mittelmeerk\u00fcste: Hier finden sich die Leute, die sich dem Projekt &#8220;Alpendurchquerung Ost-West&#8221; (mit Start am Alpenostrand und Endpunkt am Ligurischen Meer) verschrieben haben &#8211; und es auch erfolgreich zu Ende bringen konnten. Es ist davon auszugehen, dass es sicherlich auch anderer Begeher gab, doch &hellip;<\/p>\n<\/div><\/div>","protected":false},"author":61,"featured_media":2470,"parent":0,"menu_order":0,"comment_status":"closed","ping_status":"closed","template":"","meta":{"_s2mail":"yes","footnotes":""},"class_list":["post-2990","page","type-page","status-publish","has-post-thumbnail","hentry","gallery-content-unit"],"_links":{"self":[{"href":"https:\/\/www.vergissmi.net\/index.php?rest_route=\/wp\/v2\/pages\/2990","targetHints":{"allow":["GET"]}}],"collection":[{"href":"https:\/\/www.vergissmi.net\/index.php?rest_route=\/wp\/v2\/pages"}],"about":[{"href":"https:\/\/www.vergissmi.net\/index.php?rest_route=\/wp\/v2\/types\/page"}],"author":[{"embeddable":true,"href":"https:\/\/www.vergissmi.net\/index.php?rest_route=\/wp\/v2\/users\/61"}],"replies":[{"embeddable":true,"href":"https:\/\/www.vergissmi.net\/index.php?rest_route=%2Fwp%2Fv2%2Fcomments&post=2990"}],"version-history":[{"count":59,"href":"https:\/\/www.vergissmi.net\/index.php?rest_route=\/wp\/v2\/pages\/2990\/revisions"}],"predecessor-version":[{"id":14990,"href":"https:\/\/www.vergissmi.net\/index.php?rest_route=\/wp\/v2\/pages\/2990\/revisions\/14990"}],"wp:featuredmedia":[{"embeddable":true,"href":"https:\/\/www.vergissmi.net\/index.php?rest_route=\/wp\/v2\/media\/2470"}],"wp:attachment":[{"href":"https:\/\/www.vergissmi.net\/index.php?rest_route=%2Fwp%2Fv2%2Fmedia&parent=2990"}],"curies":[{"name":"wp","href":"https:\/\/api.w.org\/{rel}","templated":true}]}}