{"id":863,"date":"2010-05-17T20:30:45","date_gmt":"2010-05-17T18:30:45","guid":{"rendered":"http:\/\/www.vergissmi.net\/?page_id=863"},"modified":"2016-03-09T09:12:43","modified_gmt":"2016-03-09T08:12:43","slug":"ww07-ostosterreichischer-grenzlandweg-tagesetappen","status":"publish","type":"page","link":"https:\/\/www.vergissmi.net\/?page_id=863","title":{"rendered":"WW07 Ost\u00f6sterreichischer Grenzlandweg &#8211; Tagesetappen"},"content":{"rendered":"<h2>Kurz\u00fcbersicht<\/h2>\n<p>Der ost\u00f6sterreichische Grenzlandweg 07 f\u00fchrt \u00fcber 700 Kilometer durch die Bundesl\u00e4nder Nieder\u00f6sterreich, Wien, Burgenland  und Steiermark und reicht vom Nebelstein im n\u00f6rdlichen Waldviertel bis Bad Radkersburg in der S\u00fcdoststeiermark.<\/p>\n<h4><strong>Durch das Thaya-Hochland in das Weinviertel bis in die  Bundeshauptstadt und den Nationalpark Donau-Auen<\/strong><\/h4>\n<p>Vom Nebelstein  (1017 m) verl\u00e4uft der Weg im Waldviertel \u00fcber Weitra und Gm\u00fcnd, durch  die Naturparke Blockheide und Dobersberg (465 m), \u00fcber Karlstein an der  Thaya, Geras und Hardegg (309 m), durch den Nationalpark Thayatal in die  am Rande des Weinviertels liegende Stadt Retz (252 m). Von hier zieht  er weiter \u00fcber Haugsdorf (204 m), Mailberg und durch den Naturpark  Leiserberge (424 m) nach Ernstbrunn und weiter \u00fcber Gro\u00dfru\u00dfbach (291 m),  Hagenbrunn und \u00fcber den aus\u00adsichtsreichen Bisamberg (358 m) nach  Langenzersdorf (170 m). Nun \u00fcber die Donauinsel in das Gebiet der  Bundeshauptstadt Wien (164 m) und durch das Erholungsgebiet der Lobau  nach Gro\u00dfenzersdorf (156 m).<em> &#8212; ca. 305 km.<\/em><\/p>\n<h4><strong>Vom Nationalpark Donau-Auen in den Nationalpark  Neusiedler See, Zum Hochwechsel und durch das oststeirische Wein- und  Vulkanbergland<\/strong><\/h4>\n<p>Durch den Nationalpark Donau-Auen wird Hainburg an  der Donau (161 m) erreicht. \u00dcber Kittsee und Nickelsdorf (144 m) geht es durch den Nationalpark Neusiedler\u00a0See-Seewinkel nach Illmitz  (117 m) und mittels Schiff nach M\u00f6rbisch. Von M\u00f6rbisch aus zieht der Weg  \u00fcber Rust, Siegendorf und den Herrentisch (551 m) nach Sieggraben (450  m), Landsee, Kirchschlag, den Hutwisch (896 m) und Tauchen auf den  Hochwechsel (1743 m) und weiter \u00fcber Vorau (659 m), den Masenberg (1261  m), Hartberg (359 m), F\u00fcrstenfeld, S\u00f6chau, Riegersburg (377 m) und  Fehring (272 m) nach St. Anna am Aigen (403 m). In einer weiteren  Tagestour \u00fcber Kl\u00f6ch wird der Endpunkt in Bad Radkersburg (208 m)  erreicht.<em> &#8212; ca. 403 km.<\/em><\/p>\n<h2>Die einzelnen Tagesetappen<\/h2>\n<p>Was Restaurants und Unterk\u00fcnfte betrifft, w\u00e4ren wir froh, wenn wir auf die Erfahrungen anderer Wanderer zur\u00fcckgreifen k\u00f6nnten &#8211; k\u00f6nnen wir aber leider nicht. Sollte sich irgendwann mal jemand hierher verirren, der ebenfalls am WW07 unterwegs ist, k\u00f6nnen wir zumindest unsere Erfahrungen weitergeben. Daher gibt&#8217;s auch eine einfache Form der Bewertung:<\/p>\n<p>+++ Hier war&#8217;s entweder besonders toll oder das Preis\/Leistungs-Verh\u00e4ltnis war saugut &#8211; Begr\u00fcndung ist hier jedesmal dabei.<\/p>\n<p>++ Die <strong>Standardbewertung<\/strong> &#8230; Preis\/Leistung war OK, wir waren zufrieden.<\/p>\n<p>+ Preis\/Leistung war nicht OK oder sonst irgendwas war unerfreulich &#8211; Begr\u00fcndung ist hier jedesmal dabei.<\/p>\n<p>.<\/p>\n<h3>03. Mai<\/h3>\n<p>(Bad Gro\u00dfperthholz) &#8211; Nebelstein &#8211; Weitra<\/p>\n<p><a href=\"https:\/\/www.vergissmi.net\/wp-content\/uploads\/2010\/05\/P5170240-Large.jpg\" rel=\"lightbox[863]\"><img fetchpriority=\"high\" decoding=\"async\" class=\"alignnone size-medium wp-image-881\" title=\"P5170240 (Large)\" src=\"https:\/\/www.vergissmi.net\/wp-content\/uploads\/2010\/05\/P5170240-Large-300x225.jpg\" alt=\"\" width=\"300\" height=\"225\" srcset=\"https:\/\/www.vergissmi.net\/wp-content\/uploads\/2010\/05\/P5170240-Large-300x225.jpg 300w, https:\/\/www.vergissmi.net\/wp-content\/uploads\/2010\/05\/P5170240-Large.jpg 1024w\" sizes=\"(max-width: 300px) 100vw, 300px\" \/><\/a><\/p>\n<p>13 km (Start Nebelstein) bzw. 25 km (Start Bad Gro\u00dfpertholz) &#8211; unbest\u00e4ndig<\/p>\n<p>Quartier: <a href=\"http:\/\/secure.tiscover.com\/yy\/statistic\/abc?mode=urli&amp;ulv=at,ACC262321at,60006at,de,SCH1,at1,0&amp;np=http:\/\/www.waschka.at\" target=\"_blank\">Brauhotel  Waschka, Weitra<\/a> (++)<\/p>\n<p>Abendessen: <a href=\"http:\/\/secure.tiscover.com\/yy\/statistic\/abc?mode=urli&amp;ulv=at,ACC262321at,60006at,de,SCH1,at1,0&amp;np=http:\/\/www.waschka.at\" target=\"_blank\">Brauhotel  Waschka, Weitra<\/a> (+++ &#8230; hervorragendes Service)<\/p>\n<h3>04. Mai<\/h3>\n<p>Weitra &#8211; Dietmanns &#8211; Gm\u00fcnd<\/p>\n<p><a href=\"https:\/\/www.vergissmi.net\/wp-content\/uploads\/2010\/05\/P5050107-Large.jpg\" rel=\"lightbox[863]\"><img decoding=\"async\" class=\"alignnone size-medium wp-image-874\" title=\"P5050107 (Large)\" src=\"https:\/\/www.vergissmi.net\/wp-content\/uploads\/2010\/05\/P5050107-Large-300x225.jpg\" alt=\"\" width=\"300\" height=\"225\" srcset=\"https:\/\/www.vergissmi.net\/wp-content\/uploads\/2010\/05\/P5050107-Large-300x225.jpg 300w, https:\/\/www.vergissmi.net\/wp-content\/uploads\/2010\/05\/P5050107-Large.jpg 1024w\" sizes=\"(max-width: 300px) 100vw, 300px\" \/><\/a><\/p>\n<p>20 km &#8211; bew\u00f6lkt<\/p>\n<p>Quartier: Privatzimmer Haus Malerwinkel (+++ &#8230; viel Platz, ausserordentlich gepflegt, freundliche Vermieter)<\/p>\n<p>Abendessen: <a href=\"http:\/\/www.hopferl-gmuend.at\/\" target=\"_blank\">Hopferl<\/a>, Hauptplatz Gm\u00fcnd (+++ &#8230; alle regionalen Biersorten vertreten, gute K\u00fcche)<\/p>\n<h3>07. Mai<\/h3>\n<p>Gm\u00fcnd &#8211; Blockheide &#8211; Schrems\/Eugenia &#8211; Heidenreichstein<\/p>\n<p><a href=\"https:\/\/www.vergissmi.net\/wp-content\/uploads\/2010\/05\/P5070132-Large.jpg\" rel=\"lightbox[863]\"><img decoding=\"async\" class=\"alignnone size-medium wp-image-875\" title=\"P5070132 (Large)\" src=\"https:\/\/www.vergissmi.net\/wp-content\/uploads\/2010\/05\/P5070132-Large-225x300.jpg\" alt=\"\" width=\"225\" height=\"300\" srcset=\"https:\/\/www.vergissmi.net\/wp-content\/uploads\/2010\/05\/P5070132-Large-225x300.jpg 225w, https:\/\/www.vergissmi.net\/wp-content\/uploads\/2010\/05\/P5070132-Large.jpg 576w\" sizes=\"(max-width: 225px) 100vw, 225px\" \/><\/a><\/p>\n<p>25 km &#8211; unbest\u00e4ndig<\/p>\n<p>Quartier: <a href=\"http:\/\/www.members.a1.net\/feriennoebauer\/\" target=\"_blank\">Ferienwohnung N\u00f6bauer<\/a> (+++ &#8230; g\u00fcnstigste Ferienwohnung bislang, zentrale Lage)<\/p>\n<h3>08. Mai<\/h3>\n<p>Heidenreichstein &#8211; Fuchsberg &#8211; Waidhofen\/Thaya<\/p>\n<p><a href=\"https:\/\/www.vergissmi.net\/wp-content\/uploads\/2010\/05\/P5120198-Large.jpg\" rel=\"lightbox[863]\"><img loading=\"lazy\" decoding=\"async\" class=\"alignnone size-medium wp-image-878\" title=\"P5120198 (Large)\" src=\"https:\/\/www.vergissmi.net\/wp-content\/uploads\/2010\/05\/P5120198-Large-300x225.jpg\" alt=\"\" width=\"300\" height=\"225\" srcset=\"https:\/\/www.vergissmi.net\/wp-content\/uploads\/2010\/05\/P5120198-Large-300x225.jpg 300w, https:\/\/www.vergissmi.net\/wp-content\/uploads\/2010\/05\/P5120198-Large.jpg 1024w\" sizes=\"(max-width: 300px) 100vw, 300px\" \/><\/a><\/p>\n<p>18 km &#8211; bew\u00f6lkt<\/p>\n<p>Quartier: G\u00e4stehaus Bauer, Bahnhofstrasse 25\u00a0 (++)<\/p>\n<p>Abendessen: <a href=\"http:\/\/www.oswalds.at\/\" target=\"_blank\">Oswald&#8217;s<\/a> (++)<\/p>\n<h3>11. Mai<\/h3>\n<p>Waidhofen\/Thaya &#8211; Karlstein\/Thaya<\/p>\n<div id=\"attachment_876\" style=\"width: 310px\" class=\"wp-caption alignnone\"><a href=\"https:\/\/www.vergissmi.net\/wp-content\/uploads\/2010\/05\/P5110173-Large.jpg\" rel=\"lightbox[863]\"><img loading=\"lazy\" decoding=\"async\" aria-describedby=\"caption-attachment-876\" class=\"size-medium wp-image-876\" title=\"P5110173 (Large)\" src=\"https:\/\/www.vergissmi.net\/wp-content\/uploads\/2010\/05\/P5110173-Large-300x225.jpg\" alt=\"\" width=\"300\" height=\"225\" srcset=\"https:\/\/www.vergissmi.net\/wp-content\/uploads\/2010\/05\/P5110173-Large-300x225.jpg 300w, https:\/\/www.vergissmi.net\/wp-content\/uploads\/2010\/05\/P5110173-Large.jpg 1024w\" sizes=\"(max-width: 300px) 100vw, 300px\" \/><\/a><p id=\"caption-attachment-876\" class=\"wp-caption-text\">Durchs halbe Thayatal ...<\/p><\/div>\n<p>27 km &#8211; bew\u00f6lkt\/trocken<\/p>\n<p>Quartier: Gasthof Karlstein\u00a0 (+ &#8230; Zimmer abgewohnt, daf\u00fcr deutlich zu teuer; Fr\u00fchst\u00fcck im Raucherbereich. Jedoch: M\u00f6glicherweise die einzige N\u00e4chtigungsm\u00f6glichkeit in Karlstein, muss wohl jeder selber entscheiden)<\/p>\n<p>Abendessen: <a href=\"http:\/\/www.landgasthaus-pohnitzer.at\/gh\/index.php\" target=\"_blank\">Landgasthaus Pohnitzer<\/a> (+ &#8230; Portionsgr\u00f6\u00dfe zu klein f\u00fcr den Preis, schlie\u00dft erbarmungslos um 21:00, wo laut Homepage allein die K\u00fcche schon bis 21 Uhr ge\u00f6ffnet sein sollte)<\/p>\n<h3>12. Mai<\/h3>\n<p>Karlstein\/Thaya &#8211; Drosendorf<\/p>\n<p><a href=\"https:\/\/www.vergissmi.net\/wp-content\/uploads\/2010\/05\/P5040085-Large.jpg\" rel=\"lightbox[863]\"><img loading=\"lazy\" decoding=\"async\" class=\"alignnone size-medium wp-image-872\" title=\"P5040085 (Large)\" src=\"https:\/\/www.vergissmi.net\/wp-content\/uploads\/2010\/05\/P5040085-Large-300x225.jpg\" alt=\"\" width=\"300\" height=\"225\" srcset=\"https:\/\/www.vergissmi.net\/wp-content\/uploads\/2010\/05\/P5040085-Large-300x225.jpg 300w, https:\/\/www.vergissmi.net\/wp-content\/uploads\/2010\/05\/P5040085-Large.jpg 1024w\" sizes=\"(max-width: 300px) 100vw, 300px\" \/><\/a><\/p>\n<p>36 km &#8211; starker Regen<\/p>\n<p>Quartier: <a href=\"http:\/\/www.hotel-hammerschmiede.at\/\" target=\"_blank\">Zur Hammerschmiede<\/a> (++)<\/p>\n<p>Abendessen: <a href=\"http:\/\/www.hotel-hammerschmiede.at\/\" target=\"_blank\">Zur Hammerschmiede<\/a> (++)<\/p>\n<h3>13. Mai<\/h3>\n<p>Drosendorf &#8211; Riegersburg<\/p>\n<p><a href=\"https:\/\/www.vergissmi.net\/wp-content\/uploads\/2010\/05\/P5110183-Large.jpg\" rel=\"lightbox[863]\"><img loading=\"lazy\" decoding=\"async\" class=\"alignnone size-medium wp-image-877\" title=\"P5110183 (Large)\" src=\"https:\/\/www.vergissmi.net\/wp-content\/uploads\/2010\/05\/P5110183-Large-300x225.jpg\" alt=\"\" width=\"300\" height=\"225\" srcset=\"https:\/\/www.vergissmi.net\/wp-content\/uploads\/2010\/05\/P5110183-Large-300x225.jpg 300w, https:\/\/www.vergissmi.net\/wp-content\/uploads\/2010\/05\/P5110183-Large.jpg 1024w\" sizes=\"(max-width: 300px) 100vw, 300px\" \/><\/a><\/p>\n<p>26 km &#8211; Regen<\/p>\n<p>Quartier: Fr\u00fchst\u00fcckpension Hanni &amp; Wolfgang, Riegersburg (+++ &#8230; sehr nette Vermieterin und bislang bestes Fr\u00fchst\u00fcck)<\/p>\n<h3>14. Mai &amp; 15. Mai (wetterbedingter Pausentag)<\/h3>\n<p>Riegersburg &#8211; Retz<\/p>\n<p><a href=\"https:\/\/www.vergissmi.net\/wp-content\/uploads\/2010\/05\/P5160223-Large.jpg\" rel=\"lightbox[863]\"><img loading=\"lazy\" decoding=\"async\" class=\"alignnone size-medium wp-image-879\" title=\"P5160223 (Large)\" src=\"https:\/\/www.vergissmi.net\/wp-content\/uploads\/2010\/05\/P5160223-Large-225x300.jpg\" alt=\"\" width=\"225\" height=\"300\" srcset=\"https:\/\/www.vergissmi.net\/wp-content\/uploads\/2010\/05\/P5160223-Large-225x300.jpg 225w, https:\/\/www.vergissmi.net\/wp-content\/uploads\/2010\/05\/P5160223-Large.jpg 576w\" sizes=\"(max-width: 225px) 100vw, 225px\" \/><\/a><\/p>\n<p>27 km &#8211; Regen<\/p>\n<p>Quartier Tag 1: Zum wei\u00dfen L\u00f6wen (+ &#8230; unfreundliche Fr\u00fchst\u00fccksdame und Preis\/Leistung nicht OK)<\/p>\n<p>Abendessen: Heuriger Lehninger (+++ &#8230; hervorragende Qualit\u00e4t, preiswerte und gro\u00dfe Portionen, sehr guter Wein)<\/p>\n<p>Quartier Tag 2: Weinbauernhof Paier, Unternalb (++)<\/p>\n<p>Abendessen: <a href=\"http:\/\/www.weingut-kurzreiter.com\/buschenschank\/\" target=\"_blank\">Buschenschank Kurzreiter<\/a>, Unternalb (++)<\/p>\n<h3>16. Mai<\/h3>\n<p>Retz &#8211; Mailberg<\/p>\n<p><a href=\"https:\/\/www.vergissmi.net\/wp-content\/uploads\/2010\/05\/P5160227-Large.jpg\" rel=\"lightbox[863]\"><img loading=\"lazy\" decoding=\"async\" class=\"alignnone size-medium wp-image-880\" title=\"P5160227 (Large)\" src=\"https:\/\/www.vergissmi.net\/wp-content\/uploads\/2010\/05\/P5160227-Large-300x225.jpg\" alt=\"\" width=\"300\" height=\"225\" srcset=\"https:\/\/www.vergissmi.net\/wp-content\/uploads\/2010\/05\/P5160227-Large-300x225.jpg 300w, https:\/\/www.vergissmi.net\/wp-content\/uploads\/2010\/05\/P5160227-Large.jpg 1024w\" sizes=\"(max-width: 300px) 100vw, 300px\" \/><\/a><\/p>\n<p>28 km &#8211; Regen<\/p>\n<p>Quartier: <a href=\"http:\/\/www.schloss-mailberg.at\/\" target=\"_blank\">Schlo\u00df Mailberg<\/a> (+++ &#8230; Homepage lesen hat sich ausgezahlt: Aufgrund einer Aktion sehr g\u00fcnstiges Wohnen im Schloss)<\/p>\n<p>Abendessen: <a href=\"http:\/\/www.hagn-weingut.at\/weindomizil\/index.html\" target=\"_blank\">Weindomizil Hagn<\/a> (+++ &#8230; hervorragender Wein, au\u00dfergew\u00f6hnlich sch\u00f6nes Lokal)<\/p>\n<h3>17. Mai<\/h3>\n<p>Mailberg &#8211; Ernstbrunn<\/p>\n<p><a href=\"https:\/\/www.vergissmi.net\/wp-content\/uploads\/2010\/05\/P5170236-Large.jpg\" rel=\"lightbox[863]\"><img loading=\"lazy\" decoding=\"async\" class=\"alignnone size-medium wp-image-882\" title=\"P5170236 (Large)\" src=\"https:\/\/www.vergissmi.net\/wp-content\/uploads\/2010\/05\/P5170236-Large-300x225.jpg\" alt=\"\" width=\"300\" height=\"225\" srcset=\"https:\/\/www.vergissmi.net\/wp-content\/uploads\/2010\/05\/P5170236-Large-300x225.jpg 300w, https:\/\/www.vergissmi.net\/wp-content\/uploads\/2010\/05\/P5170236-Large.jpg 1024w\" sizes=\"(max-width: 300px) 100vw, 300px\" \/><\/a><\/p>\n<p>27 km &#8211; bew\u00f6lkt, tw. regnerisch<\/p>\n<p>Quartier: <a href=\"http:\/\/ernstbrunn.riskommunal.net\/system\/web\/gelbeseite.aspx?menuonr=219189823&amp;typ=6&amp;detailonr=219243626\" target=\"_blank\">Privatzimmer Herbert und Theresia Huber<\/a> (+++ &#8230; zentral gelegenes Appartment, sehr g\u00fcnstig)<\/p>\n<p>Abendessen: Pizzeria Speranza, Hauptplatz (++)<\/p>\n<h3>18. Mai<\/h3>\n<p>Ernstbrunn &#8211; Manhartsbrunn<\/p>\n<p>26 km, bew\u00f6lkt<\/p>\n<p>Quartier: Hotel Gasthof Stich<\/p>\n<p>Abendessen: Hotel Gasthof Stich<\/p>\n<h3>19. Mai<\/h3>\n<p>Manhartsbrunn &#8211; Langenzersdorf<\/p>\n<p>14 km, sonnig<\/p>\n<p>Quartier &amp; Unterkunft: F\u00fcr 4 Tage Wien bzw. K\u00e4rnten. Die K\u00fcche war wie gewohnt ausgezeichnet!<\/p>\n<h3>24. Mai (Bike)<\/h3>\n<p>Wien &#8211; Hainburg<\/p>\n<p>75 km, sonnig<\/p>\n<p>Quartier: Zur Goldenen Krone, Hauptplatz (+ &#8230; Zimmer in desolatem Zustand, Fr\u00fchst\u00fccksgeb\u00e4ck 3 Tage alt, Rauch im Fr\u00fchst\u00fccksraum)<\/p>\n<p>Abendessen: Pizzeria am Hauptplatz (++)<\/p>\n<h3>25. Mai (Bike)<\/h3>\n<p>Hainburg &#8211; Wallern<\/p>\n<p>93 km, sonnig, tw. regnerisch<\/p>\n<p>Quartier &amp; Abendessen: Privat<\/p>\n<h3>26. Mai (Bike)<\/h3>\n<p>Wallern &#8211; Wulkaprodersdorf<\/p>\n<p>52 km, starker Regen<\/p>\n<p>Quartier &amp; Abendessen: Privat<\/p>\n<h3>29. Mai<\/h3>\n<p>Dra\u00dfburg &#8211; Kobersdorf<\/p>\n<p>30 km, sommerlich<\/p>\n<p>Quartier: Privatpension Thiess (+++ &#8230; lustige &amp; gut gelaunte Gastgeberin, sch\u00f6ne Zimmer &amp; sehr g\u00fcnstig)<\/p>\n<p>Abendessen: Dorfwirt Kobersdorf (++)<\/p>\n<h3>30. Mai<\/h3>\n<p>Kobersdorf &#8211; Gschaidt<\/p>\n<p>38 km, bew\u00f6lkt &amp; regnerisch<\/p>\n<p>Quartier: <a href=\"http:\/\/www.tiscover.com\/at\/guide\/54381at,de,SCH1\/objectId,ACC209406at,curr,EUR,parentId,RGN129539at,season,at1,selectedEntry,acco\/intern.html\" target=\"_blank\">Landgasth\u00f6f H\u00f6ller<\/a> (++)<\/p>\n<p>Abendessen: Aufgrund eines Dorffestes hatten alle Gasth\u00e4user zu, und am Zeltfest gab&#8217;s nichts mehr. Wir waren sehr traurig.<\/p>\n","protected":false},"excerpt":{"rendered":"<div class=\"tmnf_excerpt\"><div class=\"tmnf_excerpt\"><p>Kurz\u00fcbersicht Der ost\u00f6sterreichische Grenzlandweg 07 f\u00fchrt \u00fcber 700 Kilometer durch die Bundesl\u00e4nder Nieder\u00f6sterreich, Wien, Burgenland und Steiermark und reicht vom Nebelstein im n\u00f6rdlichen Waldviertel bis Bad Radkersburg in der S\u00fcdoststeiermark. Durch das Thaya-Hochland in das Weinviertel bis in die Bundeshauptstadt und den Nationalpark Donau-Auen Vom Nebelstein (1017 m) verl\u00e4uft der Weg im Waldviertel \u00fcber Weitra &hellip;<\/p>\n<\/div><\/div>","protected":false},"author":61,"featured_media":0,"parent":531,"menu_order":0,"comment_status":"open","ping_status":"open","template":"","meta":{"_s2mail":"yes","footnotes":""},"class_list":["post-863","page","type-page","status-publish","hentry","gallery-content-unit"],"_links":{"self":[{"href":"https:\/\/www.vergissmi.net\/index.php?rest_route=\/wp\/v2\/pages\/863","targetHints":{"allow":["GET"]}}],"collection":[{"href":"https:\/\/www.vergissmi.net\/index.php?rest_route=\/wp\/v2\/pages"}],"about":[{"href":"https:\/\/www.vergissmi.net\/index.php?rest_route=\/wp\/v2\/types\/page"}],"author":[{"embeddable":true,"href":"https:\/\/www.vergissmi.net\/index.php?rest_route=\/wp\/v2\/users\/61"}],"replies":[{"embeddable":true,"href":"https:\/\/www.vergissmi.net\/index.php?rest_route=%2Fwp%2Fv2%2Fcomments&post=863"}],"version-history":[{"count":19,"href":"https:\/\/www.vergissmi.net\/index.php?rest_route=\/wp\/v2\/pages\/863\/revisions"}],"predecessor-version":[{"id":2598,"href":"https:\/\/www.vergissmi.net\/index.php?rest_route=\/wp\/v2\/pages\/863\/revisions\/2598"}],"up":[{"embeddable":true,"href":"https:\/\/www.vergissmi.net\/index.php?rest_route=\/wp\/v2\/pages\/531"}],"wp:attachment":[{"href":"https:\/\/www.vergissmi.net\/index.php?rest_route=%2Fwp%2Fv2%2Fmedia&parent=863"}],"curies":[{"name":"wp","href":"https:\/\/api.w.org\/{rel}","templated":true}]}}